{"id":51085,"date":"2026-03-28T20:34:18","date_gmt":"2026-03-28T19:34:18","guid":{"rendered":"https:\/\/www.ddetox.art\/?page_id=51085"},"modified":"2026-04-01T22:37:20","modified_gmt":"2026-04-01T20:37:20","slug":"weltreise-2028","status":"publish","type":"page","link":"https:\/\/www.ddetox.art\/en\/weltreise-2028\/","title":{"rendered":"Weltreise 2028 \u2013 12 L\u00e4nder, 12 Residenzen"},"content":{"rendered":"\n[et_pb_section fb_built=&#8221;1&#8243; admin_label=&#8221;Section&#8221; _builder_version=&#8221;4.16&#8243; _module_preset=&#8221;default&#8221; background_color=&#8221;RGBA(0,0,0,0)&#8221; custom_padding=&#8221;40px||0px||false|false&#8221; da_disable_devices=&#8221;off|off|off&#8221; global_colors_info=&#8221;{}&#8221; da_is_popup=&#8221;off&#8221; da_exit_intent=&#8221;off&#8221; da_has_close=&#8221;on&#8221; da_alt_close=&#8221;off&#8221; da_dark_close=&#8221;off&#8221; da_not_modal=&#8221;on&#8221; da_is_singular=&#8221;off&#8221; da_with_loader=&#8221;off&#8221; da_has_shadow=&#8221;on&#8221;][et_pb_row column_structure=&#8221;1_4,3_4&#8243; use_custom_gutter=&#8221;on&#8221; make_equal=&#8221;on&#8221; _builder_version=&#8221;4.16&#8243; _module_preset=&#8221;default&#8221; custom_padding=&#8221;0px||0px||false|false&#8221; global_colors_info=&#8221;{}&#8221;][et_pb_column type=&#8221;1_4&#8243; _builder_version=&#8221;4.16&#8243; _module_preset=&#8221;default&#8221; custom_padding=&#8221;20px||||false|false&#8221; global_colors_info=&#8221;{}&#8221;][et_pb_blurb title=&#8221;teilen:&#8221; image_icon_width=&#8221;25px&#8221; icon_alignment=&#8221;right&#8221; content_max_width=&#8221;1100px&#8221; disabled_on=&#8221;off|off|off&#8221; _builder_version=&#8221;4.27.0&#8243; _module_preset=&#8221;default&#8221; header_font=&#8221;|||on|||||&#8221; header_text_color=&#8221;#d2f486&#8243; header_font_size=&#8221;18.1px&#8221; header_line_height=&#8221;1.4em&#8221; width=&#8221;100%&#8221; custom_margin=&#8221;||0px||false|false&#8221; animation=&#8221;off&#8221; custom_css_blurb_image=&#8221;position: absolute;||right: 0;||top: 7px;&#8221; custom_css_blurb_content=&#8221;margin-left: 0;&#8221; image_max_width=&#8221;25px&#8221; global_module=&#8221;48031&#8243; saved_tabs=&#8221;all&#8221; global_colors_info=&#8221;{}&#8221;]<a href=\"https:\/\/www.facebook.com\/sharer\/sharer.php?u=https:\/\/www.ddetox.art\/en\/weltreise-2028\/\" target=\"_blank\"><i class=\"facebook\"><\/i><\/a>\n<a href=\"https:\/\/api.whatsapp.com\/send?text=https:\/\/www.ddetox.art\/en\/weltreise-2028\/\" target=\"_blank\"><i class=\"whatsapp\"><\/i><\/a>\n<a href=\"https:\/\/www.linkedin.com\/sharing\/share-offsite\/?url=https:\/\/www.ddetox.art\/en\/weltreise-2028\/\" target=\"_blank\"><i class=\"linkedin\"><\/i><\/a>\n<a href=\"https:\/\/t.me\/share\/url?url=https:\/\/www.ddetox.art\/en\/weltreise-2028\/\" target=\"_blank\"><i class=\"telegram\"><\/i><\/a>\n\t \n\n[\/et_pb_blurb][\/et_pb_column][et_pb_column type=&#8221;3_4&#8243; _builder_version=&#8221;4.16&#8243; _module_preset=&#8221;default&#8221; custom_padding=&#8221;|250px|||false|false&#8221; custom_padding_tablet=&#8221;|0px|||false|false&#8221; custom_padding_phone=&#8221;&#8221; custom_padding_last_edited=&#8221;on|tablet&#8221; global_colors_info=&#8221;{}&#8221;][et_pb_text _builder_version=&#8221;4.27.0&#8243; _module_preset=&#8221;default&#8221; header_font=&#8221;Red Hat Display|||on|||||&#8221; header_text_color=&#8221;rgba(255,255,255,0.8)&#8221; header_font_size=&#8221;52px&#8221; header_line_height=&#8221;1.4em&#8221; width=&#8221;100%&#8221; custom_margin=&#8221;||0px||false|false&#8221; header_font_size_tablet=&#8221;42px&#8221; header_font_size_phone=&#8221;24px&#8221; header_font_size_last_edited=&#8221;on|phone&#8221; global_colors_info=&#8221;{}&#8221;]<h1>Weltreise 2028 \u2013 12 L\u00e4nder, 12 Residenzen<\/h1>[\/et_pb_text][et_pb_text module_class=&#8221;big&#8221; _builder_version=&#8221;4.27.0&#8243; _module_preset=&#8221;default&#8221; text_font=&#8221;|||on|||||&#8221; text_text_color=&#8221;rgba(255,255,255,0.8)&#8221; text_font_size=&#8221;24px&#8221; text_line_height=&#8221;1.4em&#8221; header_text_color=&#8221;rgba(255,255,255,0.8)&#8221; header_3_font=&#8221;|300||on|||||&#8221; header_3_text_color=&#8221;rgba(255,255,255,0.8)&#8221; header_3_font_size=&#8221;24px&#8221; header_3_letter_spacing=&#8221;1px&#8221; header_3_line_height=&#8221;1.4em&#8221; width=&#8221;100%&#8221; text_font_size_tablet=&#8221;20px&#8221; text_font_size_phone=&#8221;18px&#8221; text_font_size_last_edited=&#8221;on|phone&#8221; header_3_font_size_tablet=&#8221;22px&#8221; header_3_font_size_phone=&#8221;20px&#8221; header_3_font_size_last_edited=&#8221;on|tablet&#8221; global_colors_info=&#8221;{}&#8221;]<H3>Eine k\u00fcnstlerische Forschungsreise zu Perspektivwechsel, Collage, Austausch und gesellschaftlicher Beobachtung\n<\/H3>[\/et_pb_text][\/et_pb_column][\/et_pb_row][\/et_pb_section][et_pb_section fb_built=&#8221;1&#8243; use_custom_gutter=&#8221;on&#8221; specialty=&#8221;on&#8221; custom_padding_last_edited=&#8221;on|tablet&#8221; padding_top_1=&#8221;0px&#8221; padding_top_2=&#8221;0px&#8221; padding_bottom_1=&#8221;0px&#8221; padding_bottom_2=&#8221;0px&#8221; padding_top_bottom_link_1=&#8221;true&#8221; padding_top_bottom_link_2=&#8221;true&#8221; padding_left_right_link_1=&#8221;false&#8221; padding_left_right_link_2=&#8221;false&#8221; admin_label=&#8221;Section&#8221; module_class=&#8221;artist_statement&#8221; _builder_version=&#8221;4.16&#8243; _module_preset=&#8221;default&#8221; background_color=&#8221;RGBA(0,0,0,0)&#8221; custom_padding=&#8221;140px||140px||true|false&#8221; custom_padding_tablet=&#8221;80px||80px||true|false&#8221; custom_padding_phone=&#8221;50px||50px||true|false&#8221; da_disable_devices=&#8221;off|off|off&#8221; global_colors_info=&#8221;{}&#8221; da_is_popup=&#8221;off&#8221; da_exit_intent=&#8221;off&#8221; da_has_close=&#8221;on&#8221; da_alt_close=&#8221;off&#8221; da_dark_close=&#8221;off&#8221; da_not_modal=&#8221;on&#8221; da_is_singular=&#8221;off&#8221; da_with_loader=&#8221;off&#8221; da_has_shadow=&#8221;on&#8221;][et_pb_column type=&#8221;1_3&#8243; _builder_version=&#8221;4.16&#8243; custom_padding=&#8221;|||&#8221; global_colors_info=&#8221;{}&#8221; custom_padding__hover=&#8221;|||&#8221;][et_pb_image src=&#8221;https:\/\/www.ddetox.art\/wp-content\/uploads\/2024\/08\/8-Picnic-Player.jpeg&#8221; alt=&#8221;8 &#8211; Collage for Picnic Player by Dima Dobrovolskij&#8221; title_text=&#8221;8 &#8211; Picnic Player &#8211; Collage&#8221; _builder_version=&#8221;4.27.0&#8243; _module_preset=&#8221;default&#8221; custom_margin=&#8221;|-200px|||false|false&#8221; custom_margin_tablet=&#8221;|0px|||false|false&#8221; custom_margin_phone=&#8221;||0px||false|false&#8221; custom_margin_last_edited=&#8221;on|tablet&#8221; filter_saturate=&#8221;0%&#8221; filter_brightness=&#8221;44%&#8221; custom_css_main_element=&#8221;left: -13vw;||position: relative;&#8221; border_radii=&#8221;on|4px|4px|4px|4px&#8221; global_colors_info=&#8221;{}&#8221; custom_css_main_element_last_edited=&#8221;on|tablet&#8221; custom_css_main_element_tablet=&#8221;left: 0;&#8221; custom_css_main_element_phone=&#8221;left: 0;&#8221;][\/et_pb_image][\/et_pb_column][et_pb_column type=&#8221;2_3&#8243; specialty_columns=&#8221;2&#8243; _builder_version=&#8221;4.16&#8243; custom_padding=&#8221;|||&#8221; global_colors_info=&#8221;{}&#8221; custom_padding__hover=&#8221;|||&#8221;][et_pb_row_inner module_class=&#8221;text-left&#8221; _builder_version=&#8221;4.27.0&#8243; _module_preset=&#8221;default&#8221; max_width=&#8221;800px&#8221; max_width_tablet=&#8221;800px&#8221; max_width_phone=&#8221;800px&#8221; max_width_last_edited=&#8221;on|desktop&#8221; custom_margin=&#8221;||||false|false&#8221; custom_margin_tablet=&#8221;|||0px|false|false&#8221; custom_margin_phone=&#8221;&#8221; custom_margin_last_edited=&#8221;on|tablet&#8221; custom_padding=&#8221;0px||0px||true|false&#8221; global_colors_info=&#8221;{}&#8221;][et_pb_column_inner saved_specialty_column_type=&#8221;2_3&#8243; _builder_version=&#8221;4.16&#8243; _module_preset=&#8221;default&#8221; global_colors_info=&#8221;{}&#8221;][et_pb_text _builder_version=&#8221;4.27.0&#8243; _module_preset=&#8221;default&#8221; header_text_color=&#8221;rgba(255,255,255,0.8)&#8221; header_3_font=&#8221;|300||on|||||&#8221; header_3_text_color=&#8221;gcid-primary-color&#8221; header_3_font_size=&#8221;24px&#8221; header_3_letter_spacing=&#8221;1px&#8221; header_3_line_height=&#8221;1.4em&#8221; custom_margin=&#8221;||0px||false|false&#8221; custom_margin_tablet=&#8221;||0px||false|false&#8221; custom_margin_phone=&#8221;&#8221; custom_margin_last_edited=&#8221;on|tablet&#8221; header_3_font_size_tablet=&#8221;22px&#8221; header_3_font_size_phone=&#8221;20px&#8221; header_3_font_size_last_edited=&#8221;on|tablet&#8221; global_colors_info=&#8221;{%22gcid-primary-color%22:%91%22header_3_text_color%22%93}&#8221;]<h3>Das Projekt<\/h3>[\/et_pb_text][et_pb_text _builder_version=&#8221;4.27.0&#8243; _module_preset=&#8221;default&#8221; text_text_color=&#8221;rgba(255,255,255,0.8)&#8221; text_font_size=&#8221;18.1px&#8221; text_line_height=&#8221;1.8em&#8221; global_colors_info=&#8221;{}&#8221;]Im Zentrum steht die Frage, wie sich Wahrnehmung ver\u00e4ndert, wenn man gewohnte R\u00e4ume verl\u00e4sst und sich anderen sozialen, kulturellen und visuellen Wirklichkeiten aussetzt. Die Reise soll neue Arbeitsweisen \u00f6ffnen, internationale Verbindungen schaffen und Material f\u00fcr zuk\u00fcnftige Werkserien, Texte, Videoarbeiten und Ausstellungen hervorbringen.[\/et_pb_text][et_pb_text _builder_version=&#8221;4.27.0&#8243; _module_preset=&#8221;default&#8221; text_text_color=&#8221;rgba(255,255,255,0.8)&#8221; text_font_size=&#8221;18.1px&#8221; text_line_height=&#8221;1.8em&#8221; global_colors_info=&#8221;{}&#8221;]Die Weltreise versteht sich dabei als k\u00fcnstlerische Feldforschung. Sie verbindet Produktion, Beobachtung, Dialog und Bewegung. Jeder Ort soll nicht nur Kulisse sein, sondern aktiver Teil eines Prozesses, in dem neue Bildsprachen, Fragestellungen und Formen der Zusammenarbeit entstehen.[\/et_pb_text][et_pb_text _builder_version=&#8221;4.27.0&#8243; _module_preset=&#8221;default&#8221; header_text_color=&#8221;rgba(255,255,255,0.8)&#8221; header_3_font=&#8221;|300||on|||||&#8221; header_3_text_color=&#8221;gcid-primary-color&#8221; header_3_font_size=&#8221;24px&#8221; header_3_letter_spacing=&#8221;1px&#8221; header_3_line_height=&#8221;1.4em&#8221; custom_margin=&#8221;||0px||false|false&#8221; custom_margin_tablet=&#8221;||0px||false|false&#8221; custom_margin_phone=&#8221;&#8221; custom_margin_last_edited=&#8221;on|tablet&#8221; header_3_font_size_tablet=&#8221;22px&#8221; header_3_font_size_phone=&#8221;20px&#8221; header_3_font_size_last_edited=&#8221;on|tablet&#8221; global_colors_info=&#8221;{%22gcid-primary-color%22:%91%22header_3_text_color%22%93}&#8221;]<h3>Warum diese Reise<\/h3>[\/et_pb_text][et_pb_text _builder_version=&#8221;4.27.0&#8243; _module_preset=&#8221;default&#8221; text_text_color=&#8221;rgba(255,255,255,0.8)&#8221; text_font_size=&#8221;18.1px&#8221; text_line_height=&#8221;1.8em&#8221; global_colors_info=&#8221;{}&#8221;]Ein zentraler Ausgangspunkt meiner Arbeit ist der Perspektivwechsel. Ich verstehe ihn nicht als blo\u00dfe Ver\u00e4nderung des Blickwinkels, sondern als notwendige Methode, um starre Denkmuster, kulturelle Routinen und gesellschaftliche Zuschreibungen aufzubrechen. In einer Zeit zunehmender Verh\u00e4rtung, Polarisierung und Vereinfachung ist die bewusste Konfrontation mit anderen Wirklichkeiten f\u00fcr mich eine k\u00fcnstlerische und politische Notwendigkeit.\n\nDie Reise soll R\u00e4ume \u00f6ffnen, in denen neue Formen des Sehens, Denkens und Arbeitens m\u00f6glich werden. Sie ist der Versuch, Distanz zum Vertrauten herzustellen, um genauer zu verstehen, was Bilder, Gesellschaften und Menschen verbindet, trennt und transformiert.[\/et_pb_text][\/et_pb_column_inner][\/et_pb_row_inner][\/et_pb_column][\/et_pb_section][et_pb_section fb_built=&#8221;1&#8243; use_custom_gutter=&#8221;on&#8221; specialty=&#8221;on&#8221; custom_padding_last_edited=&#8221;on|tablet&#8221; padding_top_1=&#8221;0px&#8221; padding_top_2=&#8221;0px&#8221; padding_bottom_1=&#8221;0px&#8221; padding_bottom_2=&#8221;0px&#8221; padding_top_bottom_link_1=&#8221;true&#8221; padding_top_bottom_link_2=&#8221;true&#8221; padding_left_right_link_1=&#8221;false&#8221; padding_left_right_link_2=&#8221;false&#8221; admin_label=&#8221;Section&#8221; module_class=&#8221;artist_statement&#8221; _builder_version=&#8221;4.19.4&#8243; _module_preset=&#8221;default&#8221; background_color=&#8221;RGBA(0,0,0,0)&#8221; custom_padding=&#8221;140px||140px||false|false&#8221; custom_padding_tablet=&#8221;80px||80px||true|false&#8221; custom_padding_phone=&#8221;50px||50px||true|false&#8221; da_disable_devices=&#8221;off|off|off&#8221; global_colors_info=&#8221;{}&#8221; da_is_popup=&#8221;off&#8221; da_exit_intent=&#8221;off&#8221; da_has_close=&#8221;on&#8221; da_alt_close=&#8221;off&#8221; da_dark_close=&#8221;off&#8221; da_not_modal=&#8221;on&#8221; da_is_singular=&#8221;off&#8221; da_with_loader=&#8221;off&#8221; da_has_shadow=&#8221;on&#8221;][et_pb_column type=&#8221;1_3&#8243; _builder_version=&#8221;4.16&#8243; custom_padding=&#8221;|||&#8221; global_colors_info=&#8221;{}&#8221; custom_padding__hover=&#8221;|||&#8221;][et_pb_image src=&#8221;https:\/\/www.ddetox.art\/wp-content\/uploads\/2024\/08\/7-Picnic-Player.jpeg&#8221; alt=&#8221;7 &#8211; Collage for Picnic Player by Dima Dobrovolskij&#8221; title_text=&#8221;7 &#8211; Picnic Player &#8211; Collage&#8221; disabled_on=&#8221;off|off|off&#8221; _builder_version=&#8221;4.27.0&#8243; _module_preset=&#8221;default&#8221; custom_margin=&#8221;|-200px|||false|false&#8221; custom_margin_tablet=&#8221;|0px|||false|false&#8221; custom_margin_phone=&#8221;||0px||false|false&#8221; custom_margin_last_edited=&#8221;on|tablet&#8221; filter_saturate=&#8221;0%&#8221; filter_opacity=&#8221;65%&#8221; custom_css_main_element=&#8221;left: -13vw;||position: relative;&#8221; border_radii=&#8221;on|4px|4px|4px|4px&#8221; global_colors_info=&#8221;{}&#8221; custom_css_main_element_last_edited=&#8221;on|tablet&#8221; custom_css_main_element_tablet=&#8221;left: 0;&#8221; custom_css_main_element_phone=&#8221;left: 0;&#8221;][\/et_pb_image][\/et_pb_column][et_pb_column type=&#8221;2_3&#8243; specialty_columns=&#8221;2&#8243; _builder_version=&#8221;4.16&#8243; custom_padding=&#8221;|||&#8221; global_colors_info=&#8221;{}&#8221; custom_padding__hover=&#8221;|||&#8221;][et_pb_row_inner module_class=&#8221;text-left&#8221; _builder_version=&#8221;4.16&#8243; _module_preset=&#8221;default&#8221; max_width=&#8221;800px&#8221; max_width_tablet=&#8221;800px&#8221; max_width_phone=&#8221;800px&#8221; max_width_last_edited=&#8221;on|desktop&#8221; custom_margin=&#8221;||||false|false&#8221; custom_margin_tablet=&#8221;|||0px|false|false&#8221; custom_margin_phone=&#8221;&#8221; custom_margin_last_edited=&#8221;on|tablet&#8221; custom_padding=&#8221;0px||0px||true|false&#8221; global_colors_info=&#8221;{}&#8221;][et_pb_column_inner saved_specialty_column_type=&#8221;2_3&#8243; _builder_version=&#8221;4.16&#8243; _module_preset=&#8221;default&#8221; global_colors_info=&#8221;{}&#8221;][et_pb_text _builder_version=&#8221;4.27.0&#8243; _module_preset=&#8221;default&#8221; header_text_color=&#8221;rgba(255,255,255,0.8)&#8221; header_3_font=&#8221;|300||on|||||&#8221; header_3_text_color=&#8221;gcid-primary-color&#8221; header_3_font_size=&#8221;24px&#8221; header_3_letter_spacing=&#8221;1px&#8221; header_3_line_height=&#8221;1.4em&#8221; custom_margin=&#8221;||0px||false|false&#8221; custom_margin_tablet=&#8221;||0px||false|false&#8221; custom_margin_phone=&#8221;&#8221; custom_margin_last_edited=&#8221;on|tablet&#8221; header_3_font_size_tablet=&#8221;22px&#8221; header_3_font_size_phone=&#8221;20px&#8221; header_3_font_size_last_edited=&#8221;on|tablet&#8221; global_colors_info=&#8221;{%22gcid-primary-color%22:%91%22header_3_text_color%22%93}&#8221;]<h3>Ziele der Reise<\/h3>[\/et_pb_text][et_pb_text _builder_version=&#8221;4.27.0&#8243; _module_preset=&#8221;default&#8221; text_text_color=&#8221;rgba(255,255,255,0.8)&#8221; text_font_size=&#8221;18.1px&#8221; text_line_height=&#8221;1.8em&#8221; hover_enabled=&#8221;0&#8243; global_colors_info=&#8221;{}&#8221; sticky_enabled=&#8221;0&#8243;]Die geplante Weltreise verfolgt mehrere miteinander verbundene Ziele. Dazu geh\u00f6ren das Erlernen neuer k\u00fcnstlerischer Techniken und Verfahren, die Entwicklung neuer Werkgruppen, die Zusammenarbeit mit lokalen und internationalen K\u00fcnstler:innen sowie die Vertiefung meiner Recherche zu gesellschaftlichen, kulturellen und politischen Fragestellungen.\n\nDar\u00fcber hinaus soll die Reise dazu dienen, internationale Netzwerke aufzubauen, R\u00fcckmeldungen auf meine Arbeit in unterschiedlichen Kontexten zu erhalten und Material f\u00fcr zuk\u00fcnftige Ausstellungen, Publikationen und mediale Formate zu sammeln. Sie ist zugleich Bildungsreise, Produktionszeit, Arbeitsaufenthalt und \u00f6ffentlicher Denkraum.[\/et_pb_text][et_pb_text _builder_version=&#8221;4.27.0&#8243; _module_preset=&#8221;default&#8221; header_text_color=&#8221;rgba(255,255,255,0.8)&#8221; header_3_font=&#8221;|300||on|||||&#8221; header_3_text_color=&#8221;gcid-primary-color&#8221; header_3_font_size=&#8221;24px&#8221; header_3_letter_spacing=&#8221;1px&#8221; header_3_line_height=&#8221;1.4em&#8221; custom_margin=&#8221;||0px||false|false&#8221; custom_margin_tablet=&#8221;||0px||false|false&#8221; custom_margin_phone=&#8221;&#8221; custom_margin_last_edited=&#8221;on|tablet&#8221; header_3_font_size_tablet=&#8221;22px&#8221; header_3_font_size_phone=&#8221;20px&#8221; header_3_font_size_last_edited=&#8221;on|tablet&#8221; global_colors_info=&#8221;{%22gcid-primary-color%22:%91%22header_3_text_color%22%93}&#8221;]<h3>Thematische Schwerpunkte<\/h3>[\/et_pb_text][et_pb_text _builder_version=&#8221;4.27.0&#8243; _module_preset=&#8221;default&#8221; text_text_color=&#8221;rgba(255,255,255,0.8)&#8221; text_font_size=&#8221;18.1px&#8221; text_line_height=&#8221;1.8em&#8221; global_colors_info=&#8221;{}&#8221;]Die Reise steht im Zusammenhang mit Themen, die meine k\u00fcnstlerische Praxis bereits jetzt pr\u00e4gen und unterwegs weitergef\u00fchrt werden sollen. Dazu geh\u00f6ren:[\/et_pb_text][et_pb_text content_last_edited=&#8221;off|desktop&#8221; _builder_version=&#8221;4.27.0&#8243; _module_preset=&#8221;default&#8221; text_text_color=&#8221;rgba(255,255,255,0.8)&#8221; text_font_size=&#8221;18.1px&#8221; text_line_height=&#8221;1.8em&#8221; header_text_color=&#8221;rgba(255,255,255,0.8)&#8221; header_3_font=&#8221;|300||on|||||&#8221; header_3_text_color=&#8221;rgba(255,255,255,0.8)&#8221; header_3_font_size=&#8221;24px&#8221; header_3_letter_spacing=&#8221;1px&#8221; header_3_line_height=&#8221;1.4em&#8221; custom_margin=&#8221;||10px||false|false&#8221; header_3_font_size_tablet=&#8221;22px&#8221; header_3_font_size_phone=&#8221;20px&#8221; header_3_font_size_last_edited=&#8221;on|tablet&#8221; global_colors_info=&#8221;{}&#8221;]<ul>\n<li>Perspektivwechsel als k\u00fcnstlerische Methode<\/li>\n<li>Collage als Denkform und als Mittel gesellschaftlicher Analyse<\/li>\n<li>Patriarchale Strukturen und Formen der Unterdr\u00fcckung<\/li>\n<li>Sprache, Fragment, Migration und kulturelle Mehrdeutigkeit<\/li>\n<li>Urbane Bildwelten und \u00f6ffentliche visuelle Kommunikation<\/li>\n<\/ul>[\/et_pb_text][\/et_pb_column_inner][\/et_pb_row_inner][\/et_pb_column][\/et_pb_section][et_pb_section fb_built=&#8221;1&#8243; admin_label=&#8221;Section&#8221; module_id=&#8221;current&#8221; module_class=&#8221;current&#8221; _builder_version=&#8221;4.27.0&#8243; _module_preset=&#8221;default&#8221; background_color=&#8221;RGBA(0,0,0,0)&#8221; custom_padding=&#8221;0px||0px||true|false&#8221; da_popup_slug=&#8221;current&#8221; da_disable_devices=&#8221;off|off|off&#8221; global_colors_info=&#8221;{}&#8221; da_is_popup=&#8221;off&#8221; da_exit_intent=&#8221;off&#8221; da_has_close=&#8221;on&#8221; da_alt_close=&#8221;off&#8221; da_dark_close=&#8221;off&#8221; da_not_modal=&#8221;on&#8221; da_is_singular=&#8221;off&#8221; da_with_loader=&#8221;off&#8221; da_has_shadow=&#8221;on&#8221;][et_pb_row column_structure=&#8221;1_4,3_4&#8243; _builder_version=&#8221;4.19.4&#8243; _module_preset=&#8221;default&#8221; custom_margin=&#8221;12px||||false|false&#8221; custom_padding=&#8221;0px||0px||true|false&#8221; global_colors_info=&#8221;{}&#8221;][et_pb_column type=&#8221;1_4&#8243; _builder_version=&#8221;4.16&#8243; _module_preset=&#8221;default&#8221; global_colors_info=&#8221;{}&#8221;][\/et_pb_column][et_pb_column type=&#8221;3_4&#8243; _builder_version=&#8221;4.16&#8243; _module_preset=&#8221;default&#8221; global_colors_info=&#8221;{}&#8221;][et_pb_text _builder_version=&#8221;4.27.0&#8243; _module_preset=&#8221;default&#8221; header_text_color=&#8221;rgba(255,255,255,0.8)&#8221; header_3_font=&#8221;|300||on|||||&#8221; header_3_text_color=&#8221;gcid-primary-color&#8221; header_3_font_size=&#8221;24px&#8221; header_3_letter_spacing=&#8221;1px&#8221; header_3_line_height=&#8221;1.4em&#8221; custom_margin=&#8221;||0px||false|false&#8221; custom_margin_tablet=&#8221;||0px||false|false&#8221; custom_margin_phone=&#8221;&#8221; custom_margin_last_edited=&#8221;on|tablet&#8221; header_3_font_size_tablet=&#8221;22px&#8221; header_3_font_size_phone=&#8221;20px&#8221; header_3_font_size_last_edited=&#8221;on|tablet&#8221; global_colors_info=&#8221;{%22gcid-primary-color%22:%91%22header_3_text_color%22%93}&#8221;]<h3>Geplante Stationen<\/h3>[\/et_pb_text][et_pb_text _builder_version=&#8221;4.27.0&#8243; _module_preset=&#8221;default&#8221; text_text_color=&#8221;rgba(255,255,255,0.8)&#8221; text_font_size=&#8221;18.1px&#8221; text_line_height=&#8221;1.8em&#8221; global_colors_info=&#8221;{}&#8221;]Die Route befindet sich in Entwicklung und wird fortlaufend konkretisiert. Geplant sind Residenzen und Arbeitsaufenthalte in unterschiedlichen Regionen Europas, Nord- und S\u00fcdamerikas, Asiens und weiteren kulturell relevanten Kontexten. Jeder Ort wird dabei nicht nur nach logistischen, sondern vor allem nach inhaltlichen und k\u00fcnstlerischen Gesichtspunkten ausgew\u00e4hlt.\n\nIm Fokus stehen Orte, an denen neue k\u00fcnstlerische Impulse, kulturelle Reibung, gesellschaftliche Beobachtung und produktive Zusammenarbeit m\u00f6glich werden. Die Reise ist bewusst offen genug angelegt, um auf neue Einladungen, Entwicklungen und relevante Chancen reagieren zu k\u00f6nnen.[\/et_pb_text][et_pb_text _builder_version=&#8221;4.27.0&#8243; _module_preset=&#8221;default&#8221; header_text_color=&#8221;rgba(255,255,255,0.8)&#8221; header_3_font=&#8221;|300||on|||||&#8221; header_3_text_color=&#8221;gcid-primary-color&#8221; header_3_font_size=&#8221;24px&#8221; header_3_letter_spacing=&#8221;1px&#8221; header_3_line_height=&#8221;1.4em&#8221; custom_margin=&#8221;||0px||false|false&#8221; custom_margin_tablet=&#8221;||0px||false|false&#8221; custom_margin_phone=&#8221;&#8221; custom_margin_last_edited=&#8221;on|tablet&#8221; header_3_font_size_tablet=&#8221;22px&#8221; header_3_font_size_phone=&#8221;20px&#8221; header_3_font_size_last_edited=&#8221;on|tablet&#8221; global_colors_info=&#8221;{%22gcid-primary-color%22:%91%22header_3_text_color%22%93}&#8221;]<h3>Was unterwegs entstehen soll<\/h3>[\/et_pb_text][et_pb_text _builder_version=&#8221;4.27.0&#8243; _module_preset=&#8221;default&#8221; text_text_color=&#8221;rgba(255,255,255,0.8)&#8221; text_font_size=&#8221;18.1px&#8221; text_line_height=&#8221;1.8em&#8221; global_colors_info=&#8221;{}&#8221;]W\u00e4hrend der Reise sollen neue Arbeiten in verschiedenen Formaten entstehen: analoge und digitale Collagen, Zeichnungen, Texte, Videoarbeiten, fotografische Fragmente, dokumentarische Formate und fortlaufende Notate. Geplant ist au\u00dferdem, Teile des Prozesses \u00f6ffentlich zu dokumentieren und in soziale, mediale und ausstellerische Kontexte zu \u00fcberf\u00fchren.\n\nSo soll die Reise nicht nur eine Bewegung durch L\u00e4nder sein, sondern eine Bewegung durch Material, Form und Erkenntnis. Sie wird als Arbeitsarchiv gedacht, aus dem sich zuk\u00fcnftige Werkserien, Ausstellungen und Publikationen entwickeln k\u00f6nnen.[\/et_pb_text][et_pb_text _builder_version=&#8221;4.27.0&#8243; _module_preset=&#8221;default&#8221; header_text_color=&#8221;rgba(255,255,255,0.8)&#8221; header_3_font=&#8221;|300||on|||||&#8221; header_3_text_color=&#8221;gcid-primary-color&#8221; header_3_font_size=&#8221;24px&#8221; header_3_letter_spacing=&#8221;1px&#8221; header_3_line_height=&#8221;1.4em&#8221; custom_margin=&#8221;||0px||false|false&#8221; custom_margin_tablet=&#8221;||0px||false|false&#8221; custom_margin_phone=&#8221;&#8221; custom_margin_last_edited=&#8221;on|tablet&#8221; header_3_font_size_tablet=&#8221;22px&#8221; header_3_font_size_phone=&#8221;20px&#8221; header_3_font_size_last_edited=&#8221;on|tablet&#8221; global_colors_info=&#8221;{%22gcid-primary-color%22:%91%22header_3_text_color%22%93}&#8221;]<h3>Aktueller Stand<\/h3>[\/et_pb_text][et_pb_text _builder_version=&#8221;4.27.0&#8243; _module_preset=&#8221;default&#8221; text_text_color=&#8221;rgba(255,255,255,0.8)&#8221; text_font_size=&#8221;18.1px&#8221; text_line_height=&#8221;1.8em&#8221; global_colors_info=&#8221;{}&#8221;]Das Projekt befindet sich derzeit in Vorbereitung. Dazu geh\u00f6ren Recherchen zu geeigneten Residenzen, erste Beratungen, die Entwicklung einer sinnvollen Route, die Pr\u00fcfung von F\u00f6rderm\u00f6glichkeiten und der Aufbau inhaltlicher Kooperationen. Die Seite wird im weiteren Verlauf erg\u00e4nzt und dokumentiert den Weg von der Planung bis zur Umsetzung\n\nIch freue mich \u00fcber Hinweise auf passende Residenzen, institutionelle Kontakte, Kooperationsm\u00f6glichkeiten und Austausch mit Menschen, die dieses Projekt inhaltlich begleiten m\u00f6chten. Die Weltreise 2028 ist als offenes, vernetzbares Vorhaben gedacht und kann sich durch Begegnungen, Gespr\u00e4che und Zusammenarbeit weiterentwickeln.[\/et_pb_text][\/et_pb_column][\/et_pb_row][\/et_pb_section]\n","protected":false},"excerpt":{"rendered":"<p><a href=\"https:\/\/www.facebook.com\/sharer\/sharer.php?u=https:\/\/www.ddetox.art\/en\/weltreise-2028\/\" target=\"_blank\"><i class=\"facebook\"><\/i><\/a>\n<a href=\"https:\/\/api.whatsapp.com\/send?text=https:\/\/www.ddetox.art\/en\/weltreise-2028\/\" target=\"_blank\"><i class=\"whatsapp\"><\/i><\/a>\n<a href=\"https:\/\/www.linkedin.com\/sharing\/share-offsite\/?url=https:\/\/www.ddetox.art\/en\/weltreise-2028\/\" target=\"_blank\"><i class=\"linkedin\"><\/i><\/a>\n<a href=\"https:\/\/t.me\/share\/url?url=https:\/\/www.ddetox.art\/en\/weltreise-2028\/\" target=\"_blank\"><i class=\"telegram\"><\/i><\/a>\n\t \n Weltreise 2028 \u2013 12 L\u00e4nder, 12 ResidenzenEine k\u00fcnstlerische Forschungsreise zu Perspektivwechsel, Collage, Austausch und gesellschaftlicher Beobachtung Das ProjektIm Zentrum steht die Frage, wie sich Wahrnehmung ver\u00e4ndert, wenn man gewohnte R\u00e4ume verl\u00e4sst und sich anderen sozialen, kulturellen und visuellen Wirklichkeiten aussetzt. Die Reise soll neue Arbeitsweisen \u00f6ffnen, internationale Verbindungen schaffen und Material f\u00fcr zuk\u00fcnftige Werkserien, [&hellip;]<\/p>\n","protected":false},"author":118,"featured_media":47507,"parent":0,"menu_order":0,"comment_status":"closed","ping_status":"closed","template":"","meta":{"_acf_changed":false,"_et_pb_use_builder":"on","_et_pb_old_content":"<!-- wp:divi\/placeholder \/-->","_et_gb_content_width":"","footnotes":""},"class_list":["post-51085","page","type-page","status-publish","has-post-thumbnail","hentry"],"acf":[],"yoast_head":"<!-- This site is optimized with the Yoast SEO plugin v27.3 - https:\/\/yoast.com\/product\/yoast-seo-wordpress\/ -->\n<title>Weltreise 2028 | 12 L\u00e4nder, 12 Kunstresidenzen<\/title>\n<meta name=\"description\" content=\"K\u00fcnstlerische Weltreise 2028 von Dima Dobrovolskij: 12 L\u00e4nder, 12 Kunstresidenzen, Perspektivwechsel, Recherche und neue Werkserien.\" \/>\n<meta name=\"robots\" content=\"index, follow, max-snippet:-1, max-image-preview:large, max-video-preview:-1\" \/>\n<link rel=\"canonical\" href=\"https:\/\/www.ddetox.art\/en\/weltreise-2028\/\" \/>\n<meta property=\"og:locale\" content=\"en_US\" \/>\n<meta property=\"og:type\" content=\"article\" \/>\n<meta property=\"og:title\" content=\"\u00dcber den K\u00fcnstler Dima Dobrovolskij\" \/>\n<meta property=\"og:description\" content=\"Lernen Sie Dima Dobrovolskij kennen. Entdecken Sie seine Inspirationen und k\u00fcnstlerische Reise.\" \/>\n<meta property=\"og:url\" content=\"https:\/\/www.ddetox.art\/en\/weltreise-2028\/\" \/>\n<meta property=\"article:modified_time\" content=\"2026-04-01T20:37:20+00:00\" \/>\n<meta property=\"og:image\" content=\"https:\/\/www.ddetox.art\/wp-content\/uploads\/2021\/10\/Rectangle-3-min.jpg\" \/>\n\t<meta property=\"og:image:width\" content=\"915\" \/>\n\t<meta property=\"og:image:height\" content=\"854\" \/>\n\t<meta property=\"og:image:type\" content=\"image\/jpeg\" \/>\n<meta name=\"twitter:card\" content=\"summary_large_image\" \/>\n<meta name=\"twitter:title\" content=\"Dima Dobrovolskij - Wer ist das?\" \/>\n<meta name=\"twitter:description\" content=\"Ich illustriere durch die Bildersprache der Collage zweideutige Gef\u00fchle. Die Form oder Struktur der Abbildungen sind meine Gedanken.\" \/>\n<meta name=\"twitter:image\" content=\"https:\/\/www.ddetox.art\/wp-content\/uploads\/2021\/10\/Rectangle-3-min.jpg\" \/>\n<meta name=\"twitter:label1\" content=\"Est. reading time\" \/>\n\t<meta name=\"twitter:data1\" content=\"4 minutes\" \/>\n<script type=\"application\/ld+json\" class=\"yoast-schema-graph\">{\"@context\":\"https:\\\/\\\/schema.org\",\"@graph\":[{\"@type\":\"WebPage\",\"@id\":\"https:\\\/\\\/www.ddetox.art\\\/weltreise-2028\\\/\",\"url\":\"https:\\\/\\\/www.ddetox.art\\\/weltreise-2028\\\/\",\"name\":\"Weltreise 2028 | 12 L\u00e4nder, 12 Kunstresidenzen\",\"isPartOf\":{\"@id\":\"https:\\\/\\\/www.ddetox.art\\\/#website\"},\"primaryImageOfPage\":{\"@id\":\"https:\\\/\\\/www.ddetox.art\\\/weltreise-2028\\\/#primaryimage\"},\"image\":{\"@id\":\"https:\\\/\\\/www.ddetox.art\\\/weltreise-2028\\\/#primaryimage\"},\"thumbnailUrl\":\"https:\\\/\\\/www.ddetox.art\\\/wp-content\\\/uploads\\\/2021\\\/10\\\/Rectangle-3-min.jpg\",\"datePublished\":\"2026-03-28T19:34:18+00:00\",\"dateModified\":\"2026-04-01T20:37:20+00:00\",\"description\":\"K\u00fcnstlerische Weltreise 2028 von Dima Dobrovolskij: 12 L\u00e4nder, 12 Kunstresidenzen, Perspektivwechsel, Recherche und neue Werkserien.\",\"breadcrumb\":{\"@id\":\"https:\\\/\\\/www.ddetox.art\\\/weltreise-2028\\\/#breadcrumb\"},\"inLanguage\":\"en-US\",\"potentialAction\":[{\"@type\":\"ReadAction\",\"target\":[\"https:\\\/\\\/www.ddetox.art\\\/weltreise-2028\\\/\"]}]},{\"@type\":\"ImageObject\",\"inLanguage\":\"en-US\",\"@id\":\"https:\\\/\\\/www.ddetox.art\\\/weltreise-2028\\\/#primaryimage\",\"url\":\"https:\\\/\\\/www.ddetox.art\\\/wp-content\\\/uploads\\\/2021\\\/10\\\/Rectangle-3-min.jpg\",\"contentUrl\":\"https:\\\/\\\/www.ddetox.art\\\/wp-content\\\/uploads\\\/2021\\\/10\\\/Rectangle-3-min.jpg\",\"width\":915,\"height\":854,\"caption\":\"Dima Dobrovolskij - Collagek\u00fcnstler aus Berlin\"},{\"@type\":\"BreadcrumbList\",\"@id\":\"https:\\\/\\\/www.ddetox.art\\\/weltreise-2028\\\/#breadcrumb\",\"itemListElement\":[{\"@type\":\"ListItem\",\"position\":1,\"name\":\"Startseite\",\"item\":\"https:\\\/\\\/www.ddetox.art\\\/\"},{\"@type\":\"ListItem\",\"position\":2,\"name\":\"Weltreise 2028 \u2013 12 L\u00e4nder, 12 Residenzen\"}]},{\"@type\":\"WebSite\",\"@id\":\"https:\\\/\\\/www.ddetox.art\\\/#website\",\"url\":\"https:\\\/\\\/www.ddetox.art\\\/\",\"name\":\"\",\"description\":\"ddetox.art\",\"publisher\":{\"@id\":\"https:\\\/\\\/www.ddetox.art\\\/#organization\"},\"potentialAction\":[{\"@type\":\"SearchAction\",\"target\":{\"@type\":\"EntryPoint\",\"urlTemplate\":\"https:\\\/\\\/www.ddetox.art\\\/?s={search_term_string}\"},\"query-input\":{\"@type\":\"PropertyValueSpecification\",\"valueRequired\":true,\"valueName\":\"search_term_string\"}}],\"inLanguage\":\"en-US\"},{\"@type\":\"Organization\",\"@id\":\"https:\\\/\\\/www.ddetox.art\\\/#organization\",\"name\":\"ddetox art\",\"url\":\"https:\\\/\\\/www.ddetox.art\\\/\",\"logo\":{\"@type\":\"ImageObject\",\"inLanguage\":\"en-US\",\"@id\":\"https:\\\/\\\/www.ddetox.art\\\/#\\\/schema\\\/logo\\\/image\\\/\",\"url\":\"https:\\\/\\\/www.ddetox.art\\\/wp-content\\\/uploads\\\/2021\\\/09\\\/logo.svg\",\"contentUrl\":\"https:\\\/\\\/www.ddetox.art\\\/wp-content\\\/uploads\\\/2021\\\/09\\\/logo.svg\",\"width\":220,\"height\":22,\"caption\":\"ddetox art\"},\"image\":{\"@id\":\"https:\\\/\\\/www.ddetox.art\\\/#\\\/schema\\\/logo\\\/image\\\/\"}}]}<\/script>\n<!-- \/ Yoast SEO plugin. -->","yoast_head_json":{"title":"Weltreise 2028 | 12 L\u00e4nder, 12 Kunstresidenzen","description":"K\u00fcnstlerische Weltreise 2028 von Dima Dobrovolskij: 12 L\u00e4nder, 12 Kunstresidenzen, Perspektivwechsel, Recherche und neue Werkserien.","robots":{"index":"index","follow":"follow","max-snippet":"max-snippet:-1","max-image-preview":"max-image-preview:large","max-video-preview":"max-video-preview:-1"},"canonical":"https:\/\/www.ddetox.art\/en\/weltreise-2028\/","og_locale":"en_US","og_type":"article","og_title":"\u00dcber den K\u00fcnstler Dima Dobrovolskij","og_description":"Lernen Sie Dima Dobrovolskij kennen. Entdecken Sie seine Inspirationen und k\u00fcnstlerische Reise.","og_url":"https:\/\/www.ddetox.art\/en\/weltreise-2028\/","article_modified_time":"2026-04-01T20:37:20+00:00","og_image":[{"width":915,"height":854,"url":"https:\/\/www.ddetox.art\/wp-content\/uploads\/2021\/10\/Rectangle-3-min.jpg","type":"image\/jpeg"}],"twitter_card":"summary_large_image","twitter_title":"Dima Dobrovolskij - Wer ist das?","twitter_description":"Ich illustriere durch die Bildersprache der Collage zweideutige Gef\u00fchle. Die Form oder Struktur der Abbildungen sind meine Gedanken.","twitter_image":"https:\/\/www.ddetox.art\/wp-content\/uploads\/2021\/10\/Rectangle-3-min.jpg","twitter_misc":{"Est. reading time":"4 minutes"},"schema":{"@context":"https:\/\/schema.org","@graph":[{"@type":"WebPage","@id":"https:\/\/www.ddetox.art\/weltreise-2028\/","url":"https:\/\/www.ddetox.art\/weltreise-2028\/","name":"Weltreise 2028 | 12 L\u00e4nder, 12 Kunstresidenzen","isPartOf":{"@id":"https:\/\/www.ddetox.art\/#website"},"primaryImageOfPage":{"@id":"https:\/\/www.ddetox.art\/weltreise-2028\/#primaryimage"},"image":{"@id":"https:\/\/www.ddetox.art\/weltreise-2028\/#primaryimage"},"thumbnailUrl":"https:\/\/www.ddetox.art\/wp-content\/uploads\/2021\/10\/Rectangle-3-min.jpg","datePublished":"2026-03-28T19:34:18+00:00","dateModified":"2026-04-01T20:37:20+00:00","description":"K\u00fcnstlerische Weltreise 2028 von Dima Dobrovolskij: 12 L\u00e4nder, 12 Kunstresidenzen, Perspektivwechsel, Recherche und neue Werkserien.","breadcrumb":{"@id":"https:\/\/www.ddetox.art\/weltreise-2028\/#breadcrumb"},"inLanguage":"en-US","potentialAction":[{"@type":"ReadAction","target":["https:\/\/www.ddetox.art\/weltreise-2028\/"]}]},{"@type":"ImageObject","inLanguage":"en-US","@id":"https:\/\/www.ddetox.art\/weltreise-2028\/#primaryimage","url":"https:\/\/www.ddetox.art\/wp-content\/uploads\/2021\/10\/Rectangle-3-min.jpg","contentUrl":"https:\/\/www.ddetox.art\/wp-content\/uploads\/2021\/10\/Rectangle-3-min.jpg","width":915,"height":854,"caption":"Dima Dobrovolskij - Collagek\u00fcnstler aus Berlin"},{"@type":"BreadcrumbList","@id":"https:\/\/www.ddetox.art\/weltreise-2028\/#breadcrumb","itemListElement":[{"@type":"ListItem","position":1,"name":"Startseite","item":"https:\/\/www.ddetox.art\/"},{"@type":"ListItem","position":2,"name":"Weltreise 2028 \u2013 12 L\u00e4nder, 12 Residenzen"}]},{"@type":"WebSite","@id":"https:\/\/www.ddetox.art\/#website","url":"https:\/\/www.ddetox.art\/","name":"","description":"ddetox.art","publisher":{"@id":"https:\/\/www.ddetox.art\/#organization"},"potentialAction":[{"@type":"SearchAction","target":{"@type":"EntryPoint","urlTemplate":"https:\/\/www.ddetox.art\/?s={search_term_string}"},"query-input":{"@type":"PropertyValueSpecification","valueRequired":true,"valueName":"search_term_string"}}],"inLanguage":"en-US"},{"@type":"Organization","@id":"https:\/\/www.ddetox.art\/#organization","name":"ddetox art","url":"https:\/\/www.ddetox.art\/","logo":{"@type":"ImageObject","inLanguage":"en-US","@id":"https:\/\/www.ddetox.art\/#\/schema\/logo\/image\/","url":"https:\/\/www.ddetox.art\/wp-content\/uploads\/2021\/09\/logo.svg","contentUrl":"https:\/\/www.ddetox.art\/wp-content\/uploads\/2021\/09\/logo.svg","width":220,"height":22,"caption":"ddetox art"},"image":{"@id":"https:\/\/www.ddetox.art\/#\/schema\/logo\/image\/"}}]}},"_links":{"self":[{"href":"https:\/\/www.ddetox.art\/en\/wp-json\/wp\/v2\/pages\/51085","targetHints":{"allow":["GET"]}}],"collection":[{"href":"https:\/\/www.ddetox.art\/en\/wp-json\/wp\/v2\/pages"}],"about":[{"href":"https:\/\/www.ddetox.art\/en\/wp-json\/wp\/v2\/types\/page"}],"author":[{"embeddable":true,"href":"https:\/\/www.ddetox.art\/en\/wp-json\/wp\/v2\/users\/118"}],"replies":[{"embeddable":true,"href":"https:\/\/www.ddetox.art\/en\/wp-json\/wp\/v2\/comments?post=51085"}],"version-history":[{"count":7,"href":"https:\/\/www.ddetox.art\/en\/wp-json\/wp\/v2\/pages\/51085\/revisions"}],"predecessor-version":[{"id":51314,"href":"https:\/\/www.ddetox.art\/en\/wp-json\/wp\/v2\/pages\/51085\/revisions\/51314"}],"wp:featuredmedia":[{"embeddable":true,"href":"https:\/\/www.ddetox.art\/en\/wp-json\/wp\/v2\/media\/47507"}],"wp:attachment":[{"href":"https:\/\/www.ddetox.art\/en\/wp-json\/wp\/v2\/media?parent=51085"}],"curies":[{"name":"wp","href":"https:\/\/api.w.org\/{rel}","templated":true}]}}